{"version":"1.0","provider_name":"Blog Cultura y Turismo","provider_url":"https:\/\/www.info.valladolid.es\/blog","title":"\u00bfQu\u00e9 recuerdas de las fiestas de San Mateo? - Blog Cultura y Turismo","type":"rich","width":600,"height":338,"html":"<blockquote class=\"wp-embedded-content\" data-secret=\"sskWJtRrUF\"><a href=\"https:\/\/www.info.valladolid.es\/blog\/recuerdos-fiestas-san-mateo\/\">\u00bfQu\u00e9 recuerdas de las fiestas de San Mateo?<\/a><\/blockquote><iframe sandbox=\"allow-scripts\" security=\"restricted\" src=\"https:\/\/www.info.valladolid.es\/blog\/recuerdos-fiestas-san-mateo\/embed\/#?secret=sskWJtRrUF\" width=\"600\" height=\"338\" title=\"\u00ab\u00bfQu\u00e9 recuerdas de las fiestas de San Mateo?\u00bb \u2014 Blog Cultura y Turismo\" data-secret=\"sskWJtRrUF\" frameborder=\"0\" marginwidth=\"0\" marginheight=\"0\" scrolling=\"no\" class=\"wp-embedded-content\"><\/iframe><script type=\"text\/javascript\">\n\/* <![CDATA[ *\/\n\/*! This file is auto-generated *\/\n!function(d,l){\"use strict\";l.querySelector&&d.addEventListener&&\"undefined\"!=typeof URL&&(d.wp=d.wp||{},d.wp.receiveEmbedMessage||(d.wp.receiveEmbedMessage=function(e){var t=e.data;if((t||t.secret||t.message||t.value)&&!\/[^a-zA-Z0-9]\/.test(t.secret)){for(var s,r,n,a=l.querySelectorAll('iframe[data-secret=\"'+t.secret+'\"]'),o=l.querySelectorAll('blockquote[data-secret=\"'+t.secret+'\"]'),c=new RegExp(\"^https?:$\",\"i\"),i=0;i<o.length;i++)o[i].style.display=\"none\";for(i=0;i<a.length;i++)s=a[i],e.source===s.contentWindow&&(s.removeAttribute(\"style\"),\"height\"===t.message?(1e3<(r=parseInt(t.value,10))?r=1e3:~~r<200&&(r=200),s.height=r):\"link\"===t.message&&(r=new URL(s.getAttribute(\"src\")),n=new URL(t.value),c.test(n.protocol))&&n.host===r.host&&l.activeElement===s&&(d.top.location.href=t.value))}},d.addEventListener(\"message\",d.wp.receiveEmbedMessage,!1),l.addEventListener(\"DOMContentLoaded\",function(){for(var e,t,s=l.querySelectorAll(\"iframe.wp-embedded-content\"),r=0;r<s.length;r++)(t=(e=s[r]).getAttribute(\"data-secret\"))||(t=Math.random().toString(36).substring(2,12),e.src+=\"#?secret=\"+t,e.setAttribute(\"data-secret\",t)),e.contentWindow.postMessage({message:\"ready\",secret:t},\"*\")},!1)))}(window,document);\n\/\/# sourceURL=https:\/\/www.info.valladolid.es\/blog\/wp-includes\/js\/wp-embed.min.js\n\/* ]]> *\/\n<\/script>\n","thumbnail_url":"https:\/\/www.info.valladolid.es\/blog\/wp-content\/uploads\/2018\/09\/blog-destacado-san-mateo.jpg","thumbnail_width":934,"thumbnail_height":750,"description":"Fueron las principales fiestas de Valladolid durante d\u00e9cadas, desde que en 1959 el Pleno del Ayuntamiento aprobase su inicio el tercer domingo de septiembre \u2013aunque ven\u00eda celebr\u00e1ndose sin fecha estable desde hac\u00eda d\u00e9cadas- y hasta que en 2001 los festejos se adelantaron casi 20 d\u00edas y pasaron a ser de la Virgen de San Lorenzo. El motivo, por todos sabido, fue el tiempo, m\u00e1s agradable a principios de mes, como ya reclam\u00f3 un grupo de comerciantes en 1910 aunque entonces la petici\u00f3n no prosper\u00f3. \u00bfTe acuerdas de la primera edici\u00f3n de la Feria del Folclore y la Gastronom\u00eda? La animada feria que hoy ocupa el Real de la Feria debut\u00f3 en 1982 con apenas cinco casetas en la plaza del Poniente. Con la representaci\u00f3n tan solo de Andaluc\u00eda, Asturias, Galicia, Navarra y Segovia comenz\u00f3 la andadura de lo que hoy es una de las m\u00e1s importantes citas gastron\u00f3micas de la ciudad. La otra, la Feria de D\u00eda, fue una de las \u00faltimas incorporaciones en las fiestas de San Mateo, apenas un a\u00f1o antes del cambio a las actuares fiestas de la Virgen de San Lorenzo. Habr\u00e1 quien a\u00fan recuerde que atracciones del Real de la Feria pasaron por el paseo [&hellip;]"}