{"version":"1.0","provider_name":"Blog Cultura y Turismo","provider_url":"https:\/\/www.info.valladolid.es\/blog","title":"90 primaveras de pavos reales en Valladolid - Blog Cultura y Turismo","type":"rich","width":600,"height":338,"html":"<blockquote class=\"wp-embedded-content\" data-secret=\"66Gzu114YZ\"><a href=\"https:\/\/www.info.valladolid.es\/blog\/historia-pavos-reales-en-valladolid\/\">90 primaveras de pavos reales en Valladolid<\/a><\/blockquote><iframe sandbox=\"allow-scripts\" security=\"restricted\" src=\"https:\/\/www.info.valladolid.es\/blog\/historia-pavos-reales-en-valladolid\/embed\/#?secret=66Gzu114YZ\" width=\"600\" height=\"338\" title=\"\u00ab90 primaveras de pavos reales en Valladolid\u00bb \u2014 Blog Cultura y Turismo\" data-secret=\"66Gzu114YZ\" frameborder=\"0\" marginwidth=\"0\" marginheight=\"0\" scrolling=\"no\" class=\"wp-embedded-content\"><\/iframe><script type=\"text\/javascript\">\n\/* <![CDATA[ *\/\n\/*! This file is auto-generated *\/\n!function(d,l){\"use strict\";l.querySelector&&d.addEventListener&&\"undefined\"!=typeof URL&&(d.wp=d.wp||{},d.wp.receiveEmbedMessage||(d.wp.receiveEmbedMessage=function(e){var t=e.data;if((t||t.secret||t.message||t.value)&&!\/[^a-zA-Z0-9]\/.test(t.secret)){for(var s,r,n,a=l.querySelectorAll('iframe[data-secret=\"'+t.secret+'\"]'),o=l.querySelectorAll('blockquote[data-secret=\"'+t.secret+'\"]'),c=new RegExp(\"^https?:$\",\"i\"),i=0;i<o.length;i++)o[i].style.display=\"none\";for(i=0;i<a.length;i++)s=a[i],e.source===s.contentWindow&&(s.removeAttribute(\"style\"),\"height\"===t.message?(1e3<(r=parseInt(t.value,10))?r=1e3:~~r<200&&(r=200),s.height=r):\"link\"===t.message&&(r=new URL(s.getAttribute(\"src\")),n=new URL(t.value),c.test(n.protocol))&&n.host===r.host&&l.activeElement===s&&(d.top.location.href=t.value))}},d.addEventListener(\"message\",d.wp.receiveEmbedMessage,!1),l.addEventListener(\"DOMContentLoaded\",function(){for(var e,t,s=l.querySelectorAll(\"iframe.wp-embedded-content\"),r=0;r<s.length;r++)(t=(e=s[r]).getAttribute(\"data-secret\"))||(t=Math.random().toString(36).substring(2,12),e.src+=\"#?secret=\"+t,e.setAttribute(\"data-secret\",t)),e.contentWindow.postMessage({message:\"ready\",secret:t},\"*\")},!1)))}(window,document);\n\/\/# sourceURL=https:\/\/www.info.valladolid.es\/blog\/wp-includes\/js\/wp-embed.min.js\n\/* ]]> *\/\n<\/script>\n","thumbnail_url":"https:\/\/www.info.valladolid.es\/blog\/wp-content\/uploads\/2020\/03\/blog-pavos-reales.jpg","thumbnail_width":900,"thumbnail_height":520,"description":"Tomemos un d\u00eda menos se\u00f1alado y m\u00e1s corriente, tambi\u00e9n por la ma\u00f1ana. Los pavos reales, ahora, llevan con parsimonia y dignidad, o quien sabe si con refinad\u00edsima iron\u00eda, su doble vida diurna.(&#8230;) Ahora se pasean, m\u00e1s ornamentales que discretos, entre los ni\u00f1os y sus mam\u00e1s (&#8230;) se extas\u00edan fantasiosas ante el esplendor de los p\u00e1jaros vedette. Texto de Rosa Chacel recogido en el libro Valladolid.&nbsp;Vivencias&nbsp;y&nbsp;fotograf\u00edas Los pavos reales que habitan el Campo Grande son &#8230; Verlos exhibir sus plumas, volar hasta lo alto de los cedros o, incluso, aventurarse a salir hasta la vecina calle Acera de Recoletos es tan habitual para los vecinos que parece que siempre han formado parte del parque&#8230; Este abril se cumplen 90 a\u00f1os de su llegada a Valladolid. Fue en la primavera de 1930, cuando Isabel Aranguren, viuda de Zuazagoitia, regal\u00f3 al Ayuntamiento de Valladolid una pareja de estas aves. El Norte de Castilla recogi\u00f3 la noticia. En sus p\u00e1ginas explic\u00f3 que los pavos reales, desconocidos hasta entonces en la ciudad, ser\u00edan instaladas en los jardines cuando se dispusiera de un refugio adecuado a su tama\u00f1o. Poco despu\u00e9s el Ayuntamiento decidi\u00f3 ampliar la poblaci\u00f3n de pavos reales en el Campo Grande y compr\u00f3 varias [&hellip;]"}