{"version":"1.0","provider_name":"Blog Cultura y Turismo","provider_url":"https:\/\/www.info.valladolid.es\/blog","title":"Javier Mart\u00ednez: \"El TAC debe servir para eliminar barreras a trav\u00e9s del acto cultural\" - Blog Cultura y Turismo","type":"rich","width":600,"height":338,"html":"<blockquote class=\"wp-embedded-content\" data-secret=\"uZ18KvvoWt\"><a href=\"https:\/\/www.info.valladolid.es\/blog\/entrevista-javier-martinez-tac-2016\/\">Javier Mart\u00ednez: \u00abEl TAC debe servir para eliminar barreras a trav\u00e9s del acto cultural\u00bb<\/a><\/blockquote><iframe sandbox=\"allow-scripts\" security=\"restricted\" src=\"https:\/\/www.info.valladolid.es\/blog\/entrevista-javier-martinez-tac-2016\/embed\/#?secret=uZ18KvvoWt\" width=\"600\" height=\"338\" title=\"\u00abJavier Mart\u00ednez: \u00abEl TAC debe servir para eliminar barreras a trav\u00e9s del acto cultural\u00bb\u00bb \u2014 Blog Cultura y Turismo\" data-secret=\"uZ18KvvoWt\" frameborder=\"0\" marginwidth=\"0\" marginheight=\"0\" scrolling=\"no\" class=\"wp-embedded-content\"><\/iframe><script type=\"text\/javascript\">\n\/* <![CDATA[ *\/\n\/*! This file is auto-generated *\/\n!function(d,l){\"use strict\";l.querySelector&&d.addEventListener&&\"undefined\"!=typeof URL&&(d.wp=d.wp||{},d.wp.receiveEmbedMessage||(d.wp.receiveEmbedMessage=function(e){var t=e.data;if((t||t.secret||t.message||t.value)&&!\/[^a-zA-Z0-9]\/.test(t.secret)){for(var s,r,n,a=l.querySelectorAll('iframe[data-secret=\"'+t.secret+'\"]'),o=l.querySelectorAll('blockquote[data-secret=\"'+t.secret+'\"]'),c=new RegExp(\"^https?:$\",\"i\"),i=0;i<o.length;i++)o[i].style.display=\"none\";for(i=0;i<a.length;i++)s=a[i],e.source===s.contentWindow&&(s.removeAttribute(\"style\"),\"height\"===t.message?(1e3<(r=parseInt(t.value,10))?r=1e3:~~r<200&&(r=200),s.height=r):\"link\"===t.message&&(r=new URL(s.getAttribute(\"src\")),n=new URL(t.value),c.test(n.protocol))&&n.host===r.host&&l.activeElement===s&&(d.top.location.href=t.value))}},d.addEventListener(\"message\",d.wp.receiveEmbedMessage,!1),l.addEventListener(\"DOMContentLoaded\",function(){for(var e,t,s=l.querySelectorAll(\"iframe.wp-embedded-content\"),r=0;r<s.length;r++)(t=(e=s[r]).getAttribute(\"data-secret\"))||(t=Math.random().toString(36).substring(2,12),e.src+=\"#?secret=\"+t,e.setAttribute(\"data-secret\",t)),e.contentWindow.postMessage({message:\"ready\",secret:t},\"*\")},!1)))}(window,document);\n\/\/# sourceURL=https:\/\/www.info.valladolid.es\/blog\/wp-includes\/js\/wp-embed.min.js\n\/* ]]> *\/\n<\/script>\n","thumbnail_url":"https:\/\/www.info.valladolid.es\/blog\/wp-content\/uploads\/2016\/05\/cartel-tac-2016.jpg","thumbnail_width":520,"thumbnail_height":400,"description":"Con 63 compa\u00f1\u00edas de 16 pa\u00edses en la programaci\u00f3n de esta XVII edici\u00f3n del TAC, y con tantos estrenos tanto a nivel nacional como absoluto, \u00bfpodemos decir que el festival se ha consolidado como una cita esc\u00e9nica a internacional? Por mi experiencia como asistente a otros festivales puedo decir que el de Valladolid tiene much\u00edsimo prestigio y que es una referencia a nivel nacional e internacional. De hecho, se han inscrito profesionales que no esper\u00e1bamos, como la subdirectora del teatro La Ville de Par\u00eds o una comisi\u00f3n de Corea del Sur. Esto demuestra el inter\u00e9s que despierta el TAC y su prestigio. \u00bfTiene el TAC una especial sinton\u00eda con las compa\u00f1\u00edas francesas y belgas, tan presentes en la programaci\u00f3n? Francia es el pa\u00eds m\u00e1s avanzado en teatro de calle, siempre ha sido una referencia en las artes en espacios p\u00fablicos. B\u00e9lgica, por su parte, es muy interesante en cuanto a danza contempor\u00e1nea, que es un tema que a m\u00ed me interesa much\u00edsimo. \u00bfEs una senda a seguir por el TAC? \u00bfEn qu\u00e9 sentido te gustar\u00eda ver evolucionar el festival? Me interesa encaminarlo hacia el mundo de la performance, es decir, utilizar instrumentos de nuestra contemporaneidad, exprimir la imagen y obviar [&hellip;]"}