{"version":"1.0","provider_name":"Blog Cultura y Turismo","provider_url":"https:\/\/www.info.valladolid.es\/blog","title":"El consultorio de \u00c1ngela Palafox - Blog Cultura y Turismo","type":"rich","width":600,"height":338,"html":"<blockquote class=\"wp-embedded-content\" data-secret=\"vNCt5kdtYd\"><a href=\"https:\/\/www.info.valladolid.es\/blog\/el-consultorio-de-angela-palafox\/\">El consultorio de \u00c1ngela Palafox<\/a><\/blockquote><iframe sandbox=\"allow-scripts\" security=\"restricted\" src=\"https:\/\/www.info.valladolid.es\/blog\/el-consultorio-de-angela-palafox\/embed\/#?secret=vNCt5kdtYd\" width=\"600\" height=\"338\" title=\"\u00abEl consultorio de \u00c1ngela Palafox\u00bb \u2014 Blog Cultura y Turismo\" data-secret=\"vNCt5kdtYd\" frameborder=\"0\" marginwidth=\"0\" marginheight=\"0\" scrolling=\"no\" class=\"wp-embedded-content\"><\/iframe><script type=\"text\/javascript\">\n\/* <![CDATA[ *\/\n\/*! This file is auto-generated *\/\n!function(d,l){\"use strict\";l.querySelector&&d.addEventListener&&\"undefined\"!=typeof URL&&(d.wp=d.wp||{},d.wp.receiveEmbedMessage||(d.wp.receiveEmbedMessage=function(e){var t=e.data;if((t||t.secret||t.message||t.value)&&!\/[^a-zA-Z0-9]\/.test(t.secret)){for(var s,r,n,a=l.querySelectorAll('iframe[data-secret=\"'+t.secret+'\"]'),o=l.querySelectorAll('blockquote[data-secret=\"'+t.secret+'\"]'),c=new RegExp(\"^https?:$\",\"i\"),i=0;i<o.length;i++)o[i].style.display=\"none\";for(i=0;i<a.length;i++)s=a[i],e.source===s.contentWindow&&(s.removeAttribute(\"style\"),\"height\"===t.message?(1e3<(r=parseInt(t.value,10))?r=1e3:~~r<200&&(r=200),s.height=r):\"link\"===t.message&&(r=new URL(s.getAttribute(\"src\")),n=new URL(t.value),c.test(n.protocol))&&n.host===r.host&&l.activeElement===s&&(d.top.location.href=t.value))}},d.addEventListener(\"message\",d.wp.receiveEmbedMessage,!1),l.addEventListener(\"DOMContentLoaded\",function(){for(var e,t,s=l.querySelectorAll(\"iframe.wp-embedded-content\"),r=0;r<s.length;r++)(t=(e=s[r]).getAttribute(\"data-secret\"))||(t=Math.random().toString(36).substring(2,12),e.src+=\"#?secret=\"+t,e.setAttribute(\"data-secret\",t)),e.contentWindow.postMessage({message:\"ready\",secret:t},\"*\")},!1)))}(window,document);\n\/\/# sourceURL=https:\/\/www.info.valladolid.es\/blog\/wp-includes\/js\/wp-embed.min.js\n\/* ]]> *\/\n<\/script>\n","thumbnail_url":"https:\/\/www.info.valladolid.es\/blog\/wp-content\/uploads\/2021\/01\/WhatsApp-Image-2021-01-21-at-11.19.36.jpeg","thumbnail_width":2048,"thumbnail_height":1536,"description":"Consulta las respuestas de \u00c1ngela Palafox&#8230; \u00bfC\u00f3mo se organizaban los vallisoletanos de la \u00e9poca? \u00bfHab\u00eda asociaciones de vecinos? \u00bfQui\u00e9n se encargaba de la seguridad de la ciudad en el siglo XVI? Si\u00a0se\u00a0cerraban\u00a0las\u00a0puertas\u00a0de\u00a0la\u00a0muralla\u00a0por\u00a0la\u00a0noche,\u00a0era\u00a0como\u00a0si\u00a0la\u00a0villa\u00a0estuviese\u00a0en\u00a0&#8216;confinamiento\u00a0perimetral&#8217;&#8230; Con tanta construcci\u00f3n de madera, en el siglo XVI los incendios ser\u00edan frecuentes. \u00bfQu\u00e9 hac\u00edan en esos casos? \u00bfD\u00f3nde se celebraban los plenos del siglo XVI? \u00bfEran los vallisoletanos del siglo XVI tan aficionados al teatro como lo somos ahora? \u00bfEra habitual tener mascotas en el siglo XVI? En el siglo XXI tendemos a pensar que nuestros antepasados muy\u2026 \u201climpios\u201d\u2026 no eran, as\u00ed que a lo mejor la villa comunera era un poco \u201cpocilga\u201d\u2026 \u00bfQu\u00e9 hubiera necesitado para abrir mi propia tienda de ropa en su \u00e9poca? \u00bfHab\u00eda agua corriente en la Edad Media? \u00bfC\u00f3mo era el hospedaje en el siglo XVI? \u00bfExist\u00eda alg\u00fan ayuntamiento en su \u00e9poca? \u00bfIban los ni\u00f1os del siglo XVI a la escuela? \u00bfEra habitual educarlos? \u00bfD\u00f3nde se compraba la comida en aquellos a\u00f1os? Si pudi\u00e9ramos entrar a una taberna de entonces \u00bfqu\u00e9 podr\u00edamos beber? \u00bfImaginas c\u00f3mo era el Valladolid del siglo XVI? \u00bfC\u00f3mo piensas que ser\u00eda el d\u00eda a d\u00eda de sus habitantes? \u00bfY el funcionamiento de las instituciones locales? \u00bfC\u00f3mo influy\u00f3 el [&hellip;]"}