{"version":"1.0","provider_name":"Blog Cultura y Turismo","provider_url":"https:\/\/www.info.valladolid.es\/blog","title":"Gu\u00eda para celebrar el D\u00eda y la Noche de los Museos en Valladolid - Blog Cultura y Turismo","type":"rich","width":600,"height":338,"html":"<blockquote class=\"wp-embedded-content\" data-secret=\"OyPJRGnZlY\"><a href=\"https:\/\/www.info.valladolid.es\/blog\/dia-noche-museos-valladolid-2016\/\">Gu\u00eda para celebrar el D\u00eda y la Noche de los Museos en Valladolid<\/a><\/blockquote><iframe sandbox=\"allow-scripts\" security=\"restricted\" src=\"https:\/\/www.info.valladolid.es\/blog\/dia-noche-museos-valladolid-2016\/embed\/#?secret=OyPJRGnZlY\" width=\"600\" height=\"338\" title=\"\u00abGu\u00eda para celebrar el D\u00eda y la Noche de los Museos en Valladolid\u00bb \u2014 Blog Cultura y Turismo\" data-secret=\"OyPJRGnZlY\" frameborder=\"0\" marginwidth=\"0\" marginheight=\"0\" scrolling=\"no\" class=\"wp-embedded-content\"><\/iframe><script type=\"text\/javascript\">\n\/* <![CDATA[ *\/\n\/*! This file is auto-generated *\/\n!function(d,l){\"use strict\";l.querySelector&&d.addEventListener&&\"undefined\"!=typeof URL&&(d.wp=d.wp||{},d.wp.receiveEmbedMessage||(d.wp.receiveEmbedMessage=function(e){var t=e.data;if((t||t.secret||t.message||t.value)&&!\/[^a-zA-Z0-9]\/.test(t.secret)){for(var s,r,n,a=l.querySelectorAll('iframe[data-secret=\"'+t.secret+'\"]'),o=l.querySelectorAll('blockquote[data-secret=\"'+t.secret+'\"]'),c=new RegExp(\"^https?:$\",\"i\"),i=0;i<o.length;i++)o[i].style.display=\"none\";for(i=0;i<a.length;i++)s=a[i],e.source===s.contentWindow&&(s.removeAttribute(\"style\"),\"height\"===t.message?(1e3<(r=parseInt(t.value,10))?r=1e3:~~r<200&&(r=200),s.height=r):\"link\"===t.message&&(r=new URL(s.getAttribute(\"src\")),n=new URL(t.value),c.test(n.protocol))&&n.host===r.host&&l.activeElement===s&&(d.top.location.href=t.value))}},d.addEventListener(\"message\",d.wp.receiveEmbedMessage,!1),l.addEventListener(\"DOMContentLoaded\",function(){for(var e,t,s=l.querySelectorAll(\"iframe.wp-embedded-content\"),r=0;r<s.length;r++)(t=(e=s[r]).getAttribute(\"data-secret\"))||(t=Math.random().toString(36).substring(2,12),e.src+=\"#?secret=\"+t,e.setAttribute(\"data-secret\",t)),e.contentWindow.postMessage({message:\"ready\",secret:t},\"*\")},!1)))}(window,document);\n\/\/# sourceURL=https:\/\/www.info.valladolid.es\/blog\/wp-includes\/js\/wp-embed.min.js\n\/* ]]> *\/\n<\/script>\n","thumbnail_url":"https:\/\/www.info.valladolid.es\/blog\/wp-content\/uploads\/2018\/05\/dia-museos-2018.jpg","thumbnail_width":520,"thumbnail_height":400,"description":"\u00bfQu\u00e9 museos participan en Valladolid? Los centros participantes son el Museo De Arte Contempor\u00e1neo Espa\u00f1ol Patio Herreriano, el Museo de la Ciencia, el Museo Nacional de Escultura, el Museo del Toro, el Museo de Valladolid, el Museo Oriental, el Museo de la Universidad de Valladolid, el Museo Diocesano y Catedralicio, el Museo del Monasterio de San Joaqu\u00edn y Santa Ana, el Museo Casa de Cervantes, las casas museo de Col\u00f3n y de Zorrilla, la Casa de la India, el Museo de Arte Africano Arellano Alonso, el Museo de la Academia de Caballer\u00eda y las salas de exposiciones de la Pasi\u00f3n, San Benito, las Francesas, Teatro Calder\u00f3n, Casa Revilla y Palacio de Pimentel. \u00bfCu\u00e1l es el horario extraordinario para el D\u00eda Internacional de los Museos? Los museos y salas de exposiciones que ampl\u00edan su horario son: No cerrar\u00e1n a mediod\u00eda: el Museo Patio Herreriano (de 10 a 20 h.), la casa-museo de Zorrilla (de 10 a 20 h.) Abrir\u00e1 por la tarde: el Museo Casa de Cervantes (de 09.30 a 15 y de 19 a 22 h.) Abrir\u00e1 por la ma\u00f1ana: el Museo Oriental (de 10 a 14 y de 16 a 19 h.) El resto de los centros mantiene su [&hellip;]"}