{"version":"1.0","provider_name":"Blog Cultura y Turismo","provider_url":"https:\/\/www.info.valladolid.es\/blog","title":"De Par\u00eds a Valladolid. Galerie Lelong -parte 1- Blog Cultura y Turismo","type":"rich","width":600,"height":338,"html":"<blockquote class=\"wp-embedded-content\" data-secret=\"WqlcGFkE4j\"><a href=\"https:\/\/www.info.valladolid.es\/blog\/de-paris-a-valladolid-galeria-lelong-parte-1\/\">De Par\u00eds a Valladolid. Galerie Lelong -parte 1-<\/a><\/blockquote><iframe sandbox=\"allow-scripts\" security=\"restricted\" src=\"https:\/\/www.info.valladolid.es\/blog\/de-paris-a-valladolid-galeria-lelong-parte-1\/embed\/#?secret=WqlcGFkE4j\" width=\"600\" height=\"338\" title=\"\u00abDe Par\u00eds a Valladolid. Galerie Lelong -parte 1-\u00bb \u2014 Blog Cultura y Turismo\" data-secret=\"WqlcGFkE4j\" frameborder=\"0\" marginwidth=\"0\" marginheight=\"0\" scrolling=\"no\" class=\"wp-embedded-content\"><\/iframe><script type=\"text\/javascript\">\n\/* <![CDATA[ *\/\n\/*! This file is auto-generated *\/\n!function(d,l){\"use strict\";l.querySelector&&d.addEventListener&&\"undefined\"!=typeof URL&&(d.wp=d.wp||{},d.wp.receiveEmbedMessage||(d.wp.receiveEmbedMessage=function(e){var t=e.data;if((t||t.secret||t.message||t.value)&&!\/[^a-zA-Z0-9]\/.test(t.secret)){for(var s,r,n,a=l.querySelectorAll('iframe[data-secret=\"'+t.secret+'\"]'),o=l.querySelectorAll('blockquote[data-secret=\"'+t.secret+'\"]'),c=new RegExp(\"^https?:$\",\"i\"),i=0;i<o.length;i++)o[i].style.display=\"none\";for(i=0;i<a.length;i++)s=a[i],e.source===s.contentWindow&&(s.removeAttribute(\"style\"),\"height\"===t.message?(1e3<(r=parseInt(t.value,10))?r=1e3:~~r<200&&(r=200),s.height=r):\"link\"===t.message&&(r=new URL(s.getAttribute(\"src\")),n=new URL(t.value),c.test(n.protocol))&&n.host===r.host&&l.activeElement===s&&(d.top.location.href=t.value))}},d.addEventListener(\"message\",d.wp.receiveEmbedMessage,!1),l.addEventListener(\"DOMContentLoaded\",function(){for(var e,t,s=l.querySelectorAll(\"iframe.wp-embedded-content\"),r=0;r<s.length;r++)(t=(e=s[r]).getAttribute(\"data-secret\"))||(t=Math.random().toString(36).substring(2,12),e.src+=\"#?secret=\"+t,e.setAttribute(\"data-secret\",t)),e.contentWindow.postMessage({message:\"ready\",secret:t},\"*\")},!1)))}(window,document);\n\/\/# sourceURL=https:\/\/www.info.valladolid.es\/blog\/wp-includes\/js\/wp-embed.min.js\n\/* ]]> *\/\n<\/script>\n","thumbnail_url":"https:\/\/www.info.valladolid.es\/blog\/wp-content\/uploads\/2015\/08\/galerie-lelong-II.jpg","thumbnail_width":520,"thumbnail_height":400,"description":"Al lanzar la afirmaci\u00f3n de que la exposici\u00f3n Galerie Lelong, que acogen las salas de los desacralizados templos del Museo de la Pasi\u00f3n y de la Iglesia de las Francesas, es \u00fanica; cabe ce\u00f1irse a la m\u00e1s estricta literalidad: la muestra ha sido elaborada en exclusiva para Valladolid y no viajar\u00e1 a posteriori a ninguna otra sede. Si el prestigio de una galer\u00eda puede medirse por la calidad de sus artistas, la Lelong es una de las m\u00e1s reputadas en la actualidad. T\u00e0pies, Chillida, Mir\u00f3; son algunos de los nombres que sirven, por si solos, como carta de presentaci\u00f3n de la galer\u00eda. Sin embargo, en esta ocasi\u00f3n maestros como Chillida se han quedado fuera dado el criterio de selecci\u00f3n que ha regido las decisiones del fundador y presidente de la Galerie Lelong, Jean Fr\u00e9mon. Ha apostado por dar cabida a autores vivos en la actualidad, con la excepci\u00f3n de Antoni T\u00e0pies, fallecido en 2012, y de G\u00fcnther F\u00f6rg, desparecido en 2013 y que muestra aqu\u00ed una obra de aplastante corte geom\u00e9trico. De la ciudad de las luces al Museo de la Pasi\u00f3n Cuatro obras del artista catal\u00e1n &#8211; Cos i banyera, Cames, Creu i copa y Croix et fl\u00e8ches &#8211; [&hellip;]"}